{"id":1857,"date":"2018-08-22T17:42:28","date_gmt":"2018-08-22T17:42:28","guid":{"rendered":"http:\/\/www.nouveau.ville.richmond.qc.ca\/?page_id=1857"},"modified":"2025-06-26T10:46:38","modified_gmt":"2025-06-26T14:46:38","slug":"canot-kayak","status":"publish","type":"page","link":"https:\/\/richmond.quebec\/en\/canot-kayak\/","title":{"rendered":"Canot-kayak"},"content":{"rendered":"<div id=\"pl-1857\"  class=\"panel-layout\" ><div id=\"pg-1857-0\"  class=\"panel-grid panel-has-style\" ><div class=\"siteorigin-panels-stretch panel-row-style panel-row-style-for-1857-0\" data-stretch-type=\"full-width-stretch\" ><div id=\"pgc-1857-0-0\"  class=\"panel-grid-cell\" ><div id=\"panel-1857-0-0-0\" class=\"so-panel widget widget_sow-hero panel-first-child panel-last-child\" data-index=\"0\" ><div\n\t\t\t\n\t\t\tclass=\"so-widget-sow-hero so-widget-sow-hero-default-87cc7e7cd7b1-1857 so-widget-fittext-wrapper\"\n\t\t\t data-fit-text-compressor=\"0.85\"\n\t\t>\t\t\t\t<div class=\"sow-slider-base\" style=\"display: none\" tabindex=\"0\">\n\t\t\t\t\t<ul\n\t\t\t\t\tclass=\"sow-slider-images\"\n\t\t\t\t\tdata-settings=\"{&quot;pagination&quot;:true,&quot;speed&quot;:800,&quot;timeout&quot;:8000,&quot;paused&quot;:false,&quot;pause_on_hover&quot;:false,&quot;swipe&quot;:true,&quot;nav_always_show_desktop&quot;:&quot;&quot;,&quot;nav_always_show_mobile&quot;:&quot;&quot;,&quot;breakpoint&quot;:&quot;780px&quot;,&quot;unmute&quot;:false,&quot;anchor&quot;:null}\"\n\t\t\t\t\tstyle=\"min-height: 400px\"\t\t\t\t\tdata-anchor-id=\"\"\n\t\t\t\t>\t\t<li class=\"sow-slider-image  sow-slider-image-cover\" style=\"visibility: visible;;background-color: #333333;background-image: url(https:\/\/richmond.quebec\/wp-content\/uploads\/2018\/08\/canot3.jpg)\" >\n\t\t\t\t\t<div class=\"sow-slider-image-container\">\n\t\t\t<div class=\"sow-slider-image-wrapper\">\n\t\t\t\t\t\t\t<\/div>\n\t\t<\/div>\n\t\t\t\t<\/li>\n\t\t<\/ul>\t\t\t\t<ol class=\"sow-slider-pagination\">\n\t\t\t\t\t\t\t\t\t\t\t<li><a href=\"#\" data-goto=\"0\" aria-label=\"Display slide 1\"><\/a><\/li>\n\t\t\t\t\t\t\t\t\t<\/ol>\n\n\t\t\t\t<div class=\"sow-slide-nav sow-slide-nav-next\">\n\t\t\t\t\t<a href=\"#\" data-goto=\"next\" aria-label=\"Next slide\" data-action=\"next\">\n\t\t\t\t\t\t<em class=\"sow-sld-icon-thin-right\"><\/em>\n\t\t\t\t\t<\/a>\n\t\t\t\t<\/div>\n\n\t\t\t\t<div class=\"sow-slide-nav sow-slide-nav-prev\">\n\t\t\t\t\t<a href=\"#\" data-goto=\"previous\" aria-label=\"Previous slide\" data-action=\"prev\">\n\t\t\t\t\t\t<em class=\"sow-sld-icon-thin-left\"><\/em>\n\t\t\t\t\t<\/a>\n\t\t\t\t<\/div>\n\t\t\t\t<\/div><\/div><\/div><\/div><\/div><\/div><div id=\"pg-1857-1\"  class=\"panel-grid panel-has-style\" ><div class=\"panel-row-style panel-row-style-for-1857-1\" ><div id=\"pgc-1857-1-0\"  class=\"panel-grid-cell\" ><div id=\"panel-1857-1-0-0\" class=\"so-panel widget widget_sow-editor panel-first-child\" data-index=\"1\" ><div\n\t\t\t\n\t\t\tclass=\"so-widget-sow-editor so-widget-sow-editor-base\"\n\t\t\t\n\t\t>\n<div class=\"siteorigin-widget-tinymce textwidget\">\n\t<div style=\"background-color: #fff; position: absolute; margin-top: -60px; margin-left:-40px; width: 66%; height: 60px; z-index: 1000;\">\u00a0<\/div>\n<\/div>\n<\/div><\/div><div id=\"panel-1857-1-0-1\" class=\"so-panel widget widget_sow-headline\" data-index=\"2\" ><div class=\"panel-widget-style panel-widget-style-for-1857-1-0-1\" ><div\n\t\t\t\n\t\t\tclass=\"so-widget-sow-headline so-widget-sow-headline-default-d92940c07788-1857\"\n\t\t\t\n\t\t><div class=\"sow-headline-container \">\n\t\t\t\t\t\t\t<h1 class=\"sow-headline\">\n\t\t\t\t\t\tCanot-kayak\t\t\t\t\t\t<\/h1>\n\t\t\t\t\t\t\t\t\t\t\t<div class=\"decoration\">\n\t\t\t\t\t\t<div class=\"decoration-inside\"><\/div>\n\t\t\t\t\t<\/div>\n\t\t\t\t\t<\/div>\n<\/div><\/div><\/div><div id=\"panel-1857-1-0-2\" class=\"so-panel widget widget_sow-editor\" data-index=\"3\" ><div\n\t\t\t\n\t\t\tclass=\"so-widget-sow-editor so-widget-sow-editor-base\"\n\t\t\t\n\t\t>\n<div class=\"siteorigin-widget-tinymce textwidget\">\n\t<h3><strong>Ouverture du 16 juin \u00e0 la f\u00eate du Travail<\/strong><\/h3>\n<h5>Sur r\u00e9servation seulement<\/h5>\n<p><a href=\"https:\/\/www.richmond.quebec\/wp-content\/uploads\/2024\/06\/20190718-100707_orig.jpg\"><img decoding=\"async\" class=\"alignright wp-image-5518 size-medium\" src=\"https:\/\/richmond.quebec\/wp-content\/uploads\/2024\/06\/20190718-100707_orig-300x169.jpg\" alt=\"\" width=\"300\" height=\"169\" srcset=\"https:\/\/richmond.quebec\/wp-content\/uploads\/2024\/06\/20190718-100707_orig-300x169.jpg 300w, https:\/\/richmond.quebec\/wp-content\/uploads\/2024\/06\/20190718-100707_orig-1024x576.jpg 1024w, https:\/\/richmond.quebec\/wp-content\/uploads\/2024\/06\/20190718-100707_orig-768x432.jpg 768w, https:\/\/richmond.quebec\/wp-content\/uploads\/2024\/06\/20190718-100707_orig.jpg 1100w\" sizes=\"(max-width: 300px) 100vw, 300px\" \/><\/a><a href=\"https:\/\/www.richmond.quebec\/wp-content\/uploads\/2024\/08\/Logo_accredite_FR.png\"><img decoding=\"async\" class=\"alignleft wp-image-5581 size-medium\" src=\"https:\/\/richmond.quebec\/wp-content\/uploads\/2024\/08\/Logo_accredite_FR-300x300.png\" alt=\"\" width=\"300\" height=\"300\" srcset=\"https:\/\/richmond.quebec\/wp-content\/uploads\/2024\/08\/Logo_accredite_FR-300x300.png 300w, https:\/\/richmond.quebec\/wp-content\/uploads\/2024\/08\/Logo_accredite_FR-150x150.png 150w, https:\/\/richmond.quebec\/wp-content\/uploads\/2024\/08\/Logo_accredite_FR.png 576w\" sizes=\"(max-width: 300px) 100vw, 300px\" \/><\/a>Seul centre\u00a0de descentes de rivi\u00e8re guid\u00e9es sur la Saint-Fran\u00e7ois entre Sherbrooke et Drummondville, nous sommes en op\u00e9ration depuis 2005!! Si vous n\u2019avez pas encore eu l\u2019occasion de d\u00e9couvrir les magnifiques paysages de la rivi\u00e8re St-Fran\u00e7ois, vous serez charm\u00e9s par la v\u00e9g\u00e9tation de ses berges magnifiques fr\u00e9quent\u00e9es par une faune sauvage tr\u00e8s vari\u00e9e.<\/p>\n<p>En effet, durant les exp\u00e9ditions vous pourriez apercevoir, entre autres, le pygargue (aigle \u00e0 t\u00eate blanche), le grand h\u00e9ron, des loutres, des cerfs de Virginie et bien d\u2019autres esp\u00e8ces encore.<\/p>\n<p>Nous sommes ouverts \u00e0 partir de la fin juin jusqu'au d\u00e9but septembre. Le chalet d\u2019accueil est situ\u00e9 au 220 rue Principale Sud et il est \u00e9galement accessible \u00e0 v\u00e9lo \u00e9tant \u00e0 proximit\u00e9 de la piste cyclable La Cantonni\u00e8re. On y trouve un petit sentier p\u00e9destre, des aires de pique-nique et le stationnement est gratuit.<a href=\"https:\/\/www.richmond.quebec\/wp-content\/uploads\/2024\/06\/photo20110627-129-scaled.jpg\"><img decoding=\"async\" class=\"alignright wp-image-5515 size-medium\" src=\"https:\/\/richmond.quebec\/wp-content\/uploads\/2024\/06\/photo20110627-129-300x225.jpg\" alt=\"\" width=\"300\" height=\"225\" srcset=\"https:\/\/richmond.quebec\/wp-content\/uploads\/2024\/06\/photo20110627-129-300x225.jpg 300w, https:\/\/richmond.quebec\/wp-content\/uploads\/2024\/06\/photo20110627-129-1024x768.jpg 1024w, https:\/\/richmond.quebec\/wp-content\/uploads\/2024\/06\/photo20110627-129-768x576.jpg 768w, https:\/\/richmond.quebec\/wp-content\/uploads\/2024\/06\/photo20110627-129-1536x1152.jpg 1536w, https:\/\/richmond.quebec\/wp-content\/uploads\/2024\/06\/photo20110627-129-2048x1536.jpg 2048w\" sizes=\"(max-width: 300px) 100vw, 300px\" \/><\/a><\/p>\n<p>N\u2019attendez plus! Faites-vous plaisir avec vos proches et passez \u00e0 l\u2019action en communiquant avec nous pour r\u00e9server votre excursion.<\/p>\n<p>Informations<\/p>\n<p>On parle de nous!<\/p>\n<p><a href=\"https:\/\/www.cantonsdelest.com\/blogue\/379\/pagayer-la-saint-francois\" target=\"_blank\" rel=\"noopener\">https:\/\/www.cantonsdelest.com\/blogue\/379\/pagayer-la-saint-francois<\/a><\/p>\n<p>&nbsp;<\/p>\n<\/div>\n<\/div><\/div><div id=\"panel-1857-1-0-3\" class=\"so-panel widget widget_ink-accordion panel-last-child\" data-index=\"4\" ><div\n\t\t\t\n\t\t\tclass=\"so-widget-ink-accordion so-widget-ink-accordion-accordion-78c6acbd198a-1857\"\n\t\t\t\n\t\t>\n<div class=\"iw-so-accordion-plain iw-so-accordion\">\n\n\t\n\t\t<div class=\"iw-so-acc-item\"  id=\"toggle-1-1\">\n\n\t\t\t<a href=\"#\" class=\"iw-so-acc-title iw-text-left\">\n\t\t\t\tCoordonn\u00e9es\t\t\t\t<span class=\"iw-so-tgl-open\"><span class=\"sow-icon-ionicons\" data-sow-icon=\"&#xf2c7;\"\n\t\tstyle=\"font-size: 2em; color: left\" \n\t\taria-hidden=\"true\"><\/span><\/span>\n\t\t\t\t<span class=\"iw-so-tgl-close\"><span class=\"sow-icon-ionicons\" data-sow-icon=\"&#xf2f4;\"\n\t\tstyle=\"font-size: 2em; color: left\" \n\t\taria-hidden=\"true\"><\/span><\/span>\n\t\t\t<\/a>\n\n\t\t\t<div class=\"iw-so-acc-content\">\n\t\t\t\t<p><a href=\"https:\/\/www.nouveau.richmond.quebec\/wp-content\/uploads\/2024\/06\/20220621_135805-scaled.jpg\"><img decoding=\"async\" class=\"size-medium wp-image-5508 alignleft\" src=\"https:\/\/www.nouveau.richmond.quebec\/wp-content\/uploads\/2024\/06\/20220621_135805-300x135.jpg\" alt=\"\" width=\"300\" height=\"135\" srcset=\"https:\/\/richmond.quebec\/wp-content\/uploads\/2024\/06\/20220621_135805-300x135.jpg 300w, https:\/\/richmond.quebec\/wp-content\/uploads\/2024\/06\/20220621_135805-1024x461.jpg 1024w, https:\/\/richmond.quebec\/wp-content\/uploads\/2024\/06\/20220621_135805-768x346.jpg 768w, https:\/\/richmond.quebec\/wp-content\/uploads\/2024\/06\/20220621_135805-1536x692.jpg 1536w, https:\/\/richmond.quebec\/wp-content\/uploads\/2024\/06\/20220621_135805-2048x922.jpg 2048w\" sizes=\"(max-width: 300px) 100vw, 300px\" \/><\/a>Canot-Kayak Richmond<\/p>\n<p>220, rue Principale Sud,<\/p>\n<p>Richmond (Qu\u00e9bec) J0B 2H0<\/p>\n<p>819-826-2414<\/p>\n<p><a href=\"mailto:canotkayakrichmond@gmail.com\">Adresse courriel<\/a><\/p>\n\t\t\t<\/div>\n\n\t\t<\/div>\n\n\t\t\n\t\n\t\t<div class=\"iw-so-acc-item\"  id=\"toggle-1-2\">\n\n\t\t\t<a href=\"#\" class=\"iw-so-acc-title iw-text-left\">\n\t\t\t\tComment s&#039;y rendre ?\t\t\t\t<span class=\"iw-so-tgl-open\"><span class=\"sow-icon-ionicons\" data-sow-icon=\"&#xf2c7;\"\n\t\tstyle=\"font-size: 2em; color: left\" \n\t\taria-hidden=\"true\"><\/span><\/span>\n\t\t\t\t<span class=\"iw-so-tgl-close\"><span class=\"sow-icon-ionicons\" data-sow-icon=\"&#xf2f4;\"\n\t\tstyle=\"font-size: 2em; color: left\" \n\t\taria-hidden=\"true\"><\/span><\/span>\n\t\t\t<\/a>\n\n\t\t\t<div class=\"iw-so-acc-content\">\n\t\t\t\t<p><strong>Suivre les pancartes bleues, une fois arriv\u00e9 \u00e0 Richmond<a href=\"https:\/\/www.nouveau.richmond.quebec\/wp-content\/uploads\/2024\/06\/20210426_154529-scaled.jpg\"><img decoding=\"async\" class=\"size-medium wp-image-5519 alignright\" src=\"https:\/\/www.nouveau.richmond.quebec\/wp-content\/uploads\/2024\/06\/20210426_154529-300x146.jpg\" alt=\"\" width=\"300\" height=\"146\" srcset=\"https:\/\/richmond.quebec\/wp-content\/uploads\/2024\/06\/20210426_154529-300x146.jpg 300w, https:\/\/richmond.quebec\/wp-content\/uploads\/2024\/06\/20210426_154529-1024x498.jpg 1024w, https:\/\/richmond.quebec\/wp-content\/uploads\/2024\/06\/20210426_154529-768x373.jpg 768w, https:\/\/richmond.quebec\/wp-content\/uploads\/2024\/06\/20210426_154529-1536x747.jpg 1536w, https:\/\/richmond.quebec\/wp-content\/uploads\/2024\/06\/20210426_154529-2048x996.jpg 2048w\" sizes=\"(max-width: 300px) 100vw, 300px\" \/><\/a><\/strong><\/p>\n<ul>\n<li>Accessible par la sortie 88 de l'autoroute 55<\/li>\n<li>Emprunter la route 116 en direction de Richmond<\/li>\n<li>Au premier feu de circulation, tournez \u00e0 droite sur la rue Gouin<\/li>\n<li>Au bout de la rue Gouin, tournez \u00e0 droite sur la rue Craig<\/li>\n<li>Descendez la rue Craig jusqu'\u00e0 l'\u00e9picerie Maxi puis tournez \u00e0 gauche sur la rue Principale Sud<\/li>\n<li>300 m\u00e8tres plus loin vous apercevrez, \u00e0 votre droite, en bordure de la voie ferr\u00e9e, le chalet d'accueil<\/li>\n<li>Traversez le chemin de fer quelques m\u00e8tres plus loin, lorsque vous apercevrez la pancarte bleue<\/li>\n<\/ul>\n\t\t\t<\/div>\n\n\t\t<\/div>\n\n\t\t\n\t\n\t\t<div class=\"iw-so-acc-item\"  id=\"toggle-1-3\">\n\n\t\t\t<a href=\"#\" class=\"iw-so-acc-title iw-text-left\">\n\t\t\t\tInformations g\u00e9n\u00e9rales\t\t\t\t<span class=\"iw-so-tgl-open\"><span class=\"sow-icon-ionicons\" data-sow-icon=\"&#xf2c7;\"\n\t\tstyle=\"font-size: 2em; color: left\" \n\t\taria-hidden=\"true\"><\/span><\/span>\n\t\t\t\t<span class=\"iw-so-tgl-close\"><span class=\"sow-icon-ionicons\" data-sow-icon=\"&#xf2f4;\"\n\t\tstyle=\"font-size: 2em; color: left\" \n\t\taria-hidden=\"true\"><\/span><\/span>\n\t\t\t<\/a>\n\n\t\t\t<div class=\"iw-so-acc-content\">\n\t\t\t\t<ul>\n<li>L'activit\u00e9 a lieu m\u00eame si la m\u00e9t\u00e9o annonce de la pluie.\u00a0 Cependant, nous annulerons la sortie en cas d'orages violents, de vents forts ou pour d'autres raison m\u00e9t\u00e9orologiques ou m\u00eame si le d\u00e9bit de la rivi\u00e8re est trop rapide<\/li>\n<li>Explication des consignes de s\u00e9curit\u00e9, des techniques de bases et du trajet choisi<\/li>\n<li>\u00c9quipement fourni:\u00a0 embarcation, veste de flottaison, souliers d'eau, sifflet, sac \u00e9tanche<\/li>\n<li>Retour en navette au chalet apr\u00e8s la descente (horaire aux heures fixes (midi, 14 h, et 16h))<\/li>\n<li>Nos guides sont form\u00e9s par <a href=\"https:\/\/canot-kayak.qc.ca\/\" target=\"_blank\" rel=\"noopener\"><em>Canot-kayak Qu\u00e9bec<\/em><\/a><\/li>\n<li>Les taxes sont incluses dans nos tarifs, payable en argent ou avec carte de d\u00e9bit.\u00a0 <span style=\"text-decoration: underline;\">Aucune carte de cr\u00e9dit n'est accept\u00e9e<\/span><\/li>\n<\/ul>\n\t\t\t<\/div>\n\n\t\t<\/div>\n\n\t\t\n\t\n\t\t<div class=\"iw-so-acc-item\"  id=\"toggle-1-4\">\n\n\t\t\t<a href=\"#\" class=\"iw-so-acc-title iw-text-left\">\n\t\t\t\tQuoi apporter ?\t\t\t\t<span class=\"iw-so-tgl-open\"><span class=\"sow-icon-ionicons\" data-sow-icon=\"&#xf2c7;\"\n\t\tstyle=\"font-size: 2em; color: left\" \n\t\taria-hidden=\"true\"><\/span><\/span>\n\t\t\t\t<span class=\"iw-so-tgl-close\"><span class=\"sow-icon-ionicons\" data-sow-icon=\"&#xf2f4;\"\n\t\tstyle=\"font-size: 2em; color: left\" \n\t\taria-hidden=\"true\"><\/span><\/span>\n\t\t\t<\/a>\n\n\t\t\t<div class=\"iw-so-acc-content\">\n\t\t\t\t<ul>\n<li>Eau pour votre consommation (fontaine disponible \u00e0 l'accueil)<\/li>\n<li>Montre (pour votre rendez-vous avec la navette de transport de retour, passage \u00e0 heures fixes)<\/li>\n<li>Cr\u00e8me solaire<\/li>\n<li>Chapeau ou casquette<\/li>\n<li>V\u00eatements ad\u00e9quats selon la <a href=\"https:\/\/www.accuweather.com\/fr\/ca\/richmond\/j0b\/weather-forecast\/55732\" target=\"_blank\" rel=\"noopener\">temp\u00e9rature<\/a><\/li>\n<li>Souliers pouvant se mouiller<\/li>\n<li>V\u00eatements de rechange<\/li>\n<li>Maillot de bain et serviette<\/li>\n<li>Chasse moustique (insectifuge)<\/li>\n<li>Sac \u00e9tanche (disponible \u00e0 l'accueil)<\/li>\n<li>Collations<\/li>\n<\/ul>\n\t\t\t<\/div>\n\n\t\t<\/div>\n\n\t\t\n\t\n\t\t<div class=\"iw-so-acc-item iw-so-acc-item-active\"  id=\"toggle-1-5\">\n\n\t\t\t<a href=\"#\" class=\"iw-so-acc-title iw-text-left\">\n\t\t\t\tS\u00c9CURIT\u00c9\t\t\t\t<span class=\"iw-so-tgl-open\"><span class=\"sow-icon-ionicons\" data-sow-icon=\"&#xf2c7;\"\n\t\tstyle=\"font-size: 2em; color: left\" \n\t\taria-hidden=\"true\"><\/span><\/span>\n\t\t\t\t<span class=\"iw-so-tgl-close\"><span class=\"sow-icon-ionicons\" data-sow-icon=\"&#xf2f4;\"\n\t\tstyle=\"font-size: 2em; color: left\" \n\t\taria-hidden=\"true\"><\/span><\/span>\n\t\t\t<\/a>\n\n\t\t\t<div class=\"iw-so-acc-content\">\n\t\t\t\t<ul>\n<li>\u00c2ge minimal:\u00a0 5 ans<\/li>\n<li>\u00c2ge minimal dans un kayak simple:\u00a0 12 ans<\/li>\n<li>Les enfants de moins de 18 ans doivent \u00eatre accompagn\u00e9s d'un adulte en tout temps<\/li>\n<li>En descente autonome, aucune personne seule sur la rivi\u00e8re, minimum 2 personnes<\/li>\n<li>Nous ne recommandons pas l'utilisation de surfs \u00e0 pagaie (SUP) et de pneumatiques sur la rivi\u00e8re<\/li>\n<\/ul>\n\t\t\t<\/div>\n\n\t\t<\/div>\n\n\t\t\n\t\n\t\t<div class=\"iw-so-acc-item\"  id=\"toggle-1-6\">\n\n\t\t\t<a href=\"#\" class=\"iw-so-acc-title iw-text-left\">\n\t\t\t\tDur\u00e9e\t\t\t\t<span class=\"iw-so-tgl-open\"><span class=\"sow-icon-ionicons\" data-sow-icon=\"&#xf2c7;\"\n\t\tstyle=\"font-size: 2em; color: left\" \n\t\taria-hidden=\"true\"><\/span><\/span>\n\t\t\t\t<span class=\"iw-so-tgl-close\"><span class=\"sow-icon-ionicons\" data-sow-icon=\"&#xf2f4;\"\n\t\tstyle=\"font-size: 2em; color: left\" \n\t\taria-hidden=\"true\"><\/span><\/span>\n\t\t\t<\/a>\n\n\t\t\t<div class=\"iw-so-acc-content\">\n\t\t\t\t<p>Il faut compter environ 3 heures pour la descente incluant la pause.<\/p>\n<ul>\n<li>Circuit familiale accessible \u00e0 tous<\/li>\n<li>Eau vive et rapides classe R1<\/li>\n<li>Service de navette inclus (retour \u00e0 heures fixes: midi, 14 h et 16 h)<\/li>\n<li>Taxes incluses, payable en argent ou avec carte de d\u00e9bit.\u00a0\u00a0<span style=\"text-decoration: underline;\">Aucune carte de cr\u00e9dit n'est accept\u00e9e<\/span><\/li>\n<\/ul>\n\t\t\t<\/div>\n\n\t\t<\/div>\n\n\t\t\n\t\n\t\t<div class=\"iw-so-acc-item\"  id=\"toggle-1-7\">\n\n\t\t\t<a href=\"#\" class=\"iw-so-acc-title iw-text-left\">\n\t\t\t\tDescente GUID\u00c9E\t\t\t\t<span class=\"iw-so-tgl-open\"><span class=\"sow-icon-ionicons\" data-sow-icon=\"&#xf2c7;\"\n\t\tstyle=\"font-size: 2em; color: left\" \n\t\taria-hidden=\"true\"><\/span><\/span>\n\t\t\t\t<span class=\"iw-so-tgl-close\"><span class=\"sow-icon-ionicons\" data-sow-icon=\"&#xf2f4;\"\n\t\tstyle=\"font-size: 2em; color: left\" \n\t\taria-hidden=\"true\"><\/span><\/span>\n\t\t\t<\/a>\n\n\t\t\t<div class=\"iw-so-acc-content\">\n\t\t\t\t<p>Descente guid\u00e9e disponible du lundi au samedi seulement, d\u00e9part \u00e0 9 h et \u00e0 13 h<\/p>\n<ul>\n<li>inclus:\u00a0 guide de rivi\u00e8res, \u00e9quipements, embarcation de votre choix, retour en navette<\/li>\n<\/ul>\n<p><span style=\"text-decoration: underline;\"><strong>CO\u00dbT<\/strong><\/span><\/p>\n<ul>\n<li>Adulte:\u00a0 45 $<\/li>\n<li>17 ans et moins:\u00a0 30 $<\/li>\n<li>5-6 ans:\u00a0 gratuit<\/li>\n<\/ul>\n<p>Nos guides sont form\u00e9s par <a href=\"https:\/\/canot-kayak.qc.ca\/\" target=\"_blank\" rel=\"noopener\">Canot-kayak Qu\u00e9bec<\/a><\/p>\n\t\t\t<\/div>\n\n\t\t<\/div>\n\n\t\t\n\t\n\t\t<div class=\"iw-so-acc-item\"  id=\"toggle-1-8\">\n\n\t\t\t<a href=\"#\" class=\"iw-so-acc-title iw-text-left\">\n\t\t\t\tDescente AUTONOME\t\t\t\t<span class=\"iw-so-tgl-open\"><span class=\"sow-icon-ionicons\" data-sow-icon=\"&#xf2c7;\"\n\t\tstyle=\"font-size: 2em; color: left\" \n\t\taria-hidden=\"true\"><\/span><\/span>\n\t\t\t\t<span class=\"iw-so-tgl-close\"><span class=\"sow-icon-ionicons\" data-sow-icon=\"&#xf2f4;\"\n\t\tstyle=\"font-size: 2em; color: left\" \n\t\taria-hidden=\"true\"><\/span><\/span>\n\t\t\t<\/a>\n\n\t\t\t<div class=\"iw-so-acc-content\">\n\t\t\t\t<p>D\u00e9part en avant-midi seulement, entre 9 h et midi, du lundi du dimanche au samedi<a href=\"https:\/\/www.nouveau.richmond.quebec\/wp-content\/uploads\/2024\/06\/maxresdefault.jpg\"><img decoding=\"async\" class=\"size-medium wp-image-5514 alignright\" src=\"https:\/\/www.nouveau.richmond.quebec\/wp-content\/uploads\/2024\/06\/maxresdefault-300x169.jpg\" alt=\"\" width=\"300\" height=\"169\" srcset=\"https:\/\/richmond.quebec\/wp-content\/uploads\/2024\/06\/maxresdefault-300x169.jpg 300w, https:\/\/richmond.quebec\/wp-content\/uploads\/2024\/06\/maxresdefault-1024x576.jpg 1024w, https:\/\/richmond.quebec\/wp-content\/uploads\/2024\/06\/maxresdefault-768x432.jpg 768w, https:\/\/richmond.quebec\/wp-content\/uploads\/2024\/06\/maxresdefault.jpg 1280w\" sizes=\"(max-width: 300px) 100vw, 300px\" \/><\/a><\/p>\n<ul>\n<li>Inclus:\u00a0 embarcation de votre choix, \u00e9quipement et retour en navette entre midi et 16h<\/li>\n<\/ul>\n<p><span style=\"text-decoration: underline;\"><strong>CO\u00dbT<\/strong><\/span><\/p>\n<ul>\n<li>Adulte:\u00a0 35 $<\/li>\n<li>17 ans et moins 20 $<\/li>\n<li>5-6 ans:\u00a0 gratuit<\/li>\n<\/ul>\n<p>Pr\u00e9sence requise d'une personne \u00e2g\u00e9e de 18 ans et plus<\/p>\n<p>Il est important de note qu'en formule \"autonome\" la descente de rivi\u00e8re se fait en autonomie compl\u00e8te et que vous \u00eates responsable de votre propre s\u00e9curit\u00e9.\u00a0 Le port de la veste de flottaison est obligatoire pour tous.<\/p>\n\t\t\t<\/div>\n\n\t\t<\/div>\n\n\t\t\n\t\n\t\t<div class=\"iw-so-acc-item\"  id=\"toggle-1-9\">\n\n\t\t\t<a href=\"#\" class=\"iw-so-acc-title iw-text-left\">\n\t\t\t\tTransport seulement\t\t\t\t<span class=\"iw-so-tgl-open\"><span class=\"sow-icon-ionicons\" data-sow-icon=\"&#xf2c7;\"\n\t\tstyle=\"font-size: 2em; color: left\" \n\t\taria-hidden=\"true\"><\/span><\/span>\n\t\t\t\t<span class=\"iw-so-tgl-close\"><span class=\"sow-icon-ionicons\" data-sow-icon=\"&#xf2f4;\"\n\t\tstyle=\"font-size: 2em; color: left\" \n\t\taria-hidden=\"true\"><\/span><\/span>\n\t\t\t<\/a>\n\n\t\t\t<div class=\"iw-so-acc-content\">\n\t\t\t\t<p>Pour ceux et celles qui choisissent la descente autonome, il est possible d'avoir acc\u00e8s au transport pour le retour au lieu de d\u00e9part.<\/p>\n<p>La navette circule entre midi et 16 h<\/p>\n<p><span style=\"text-decoration: underline;\"><strong>CO\u00dbT<\/strong><\/span><\/p>\n<ul>\n<li>Adulte:\u00a0 15 $<\/li>\n<li>17 ans et moins:\u00a0 10 $<\/li>\n<li>5-6 ans:\u00a0 gratuit<\/li>\n<\/ul>\n\t\t\t<\/div>\n\n\t\t<\/div>\n\n\t\t\n\t\n\t\t<div class=\"iw-so-acc-item\"  id=\"toggle-1-10\">\n\n\t\t\t<a href=\"#\" class=\"iw-so-acc-title iw-text-left\">\n\t\t\t\tLocation d&#039;\u00e9quipement\t\t\t\t<span class=\"iw-so-tgl-open\"><span class=\"sow-icon-ionicons\" data-sow-icon=\"&#xf2c7;\"\n\t\tstyle=\"font-size: 2em; color: left\" \n\t\taria-hidden=\"true\"><\/span><\/span>\n\t\t\t\t<span class=\"iw-so-tgl-close\"><span class=\"sow-icon-ionicons\" data-sow-icon=\"&#xf2f4;\"\n\t\tstyle=\"font-size: 2em; color: left\" \n\t\taria-hidden=\"true\"><\/span><\/span>\n\t\t\t<\/a>\n\n\t\t\t<div class=\"iw-so-acc-content\">\n\t\t\t\t<p>Il est possible de louer:<\/p>\n<ul>\n<li>Souliers d'eau<\/li>\n<li>Veste de flottaison<\/li>\n<li>Pagaie<\/li>\n<\/ul>\n<p><span style=\"text-decoration: underline;\"><strong>CO\u00dbT<\/strong><\/span><\/p>\n<ul>\n<li>Adulte ou enfant:\u00a0 10 $<\/li>\n<\/ul>\n<p><strong>**Nous n'offrons pas la location d'\u00e9quipement pour un autre plan d'eau, ce service est disponible pour nos 2 parcours seulement<\/strong><\/p>\n\t\t\t<\/div>\n\n\t\t<\/div>\n\n\t\t\n\t\n\t\t<div class=\"iw-so-acc-item\"  id=\"toggle-1-11\">\n\n\t\t\t<a href=\"#\" class=\"iw-so-acc-title iw-text-left\">\n\t\t\t\tDescente de Windsor vers Richmond - 17 km\t\t\t\t<span class=\"iw-so-tgl-open\"><span class=\"sow-icon-ionicons\" data-sow-icon=\"&#xf2c7;\"\n\t\tstyle=\"font-size: 2em; color: left\" \n\t\taria-hidden=\"true\"><\/span><\/span>\n\t\t\t\t<span class=\"iw-so-tgl-close\"><span class=\"sow-icon-ionicons\" data-sow-icon=\"&#xf2f4;\"\n\t\tstyle=\"font-size: 2em; color: left\" \n\t\taria-hidden=\"true\"><\/span><\/span>\n\t\t\t<\/a>\n\n\t\t\t<div class=\"iw-so-acc-content\">\n\t\t\t\t<p>En plus de la descente de Richmond vers Ulverton, il est possible de faire la descente de Windsor vers Richmond d'une dur\u00e9e d'environ 5 heures incluant les pauses.<\/p>\n<p><a href=\"https:\/\/www.richmond.quebec\/wp-content\/uploads\/2024\/06\/100_0045-scaled.jpg\"><img decoding=\"async\" class=\"alignnone wp-image-5516 size-medium\" src=\"https:\/\/richmond.quebec\/wp-content\/uploads\/2024\/06\/100_0045-300x169.jpg\" alt=\"\" width=\"300\" height=\"169\" srcset=\"https:\/\/richmond.quebec\/wp-content\/uploads\/2024\/06\/100_0045-300x169.jpg 300w, https:\/\/richmond.quebec\/wp-content\/uploads\/2024\/06\/100_0045-1024x576.jpg 1024w, https:\/\/richmond.quebec\/wp-content\/uploads\/2024\/06\/100_0045-768x432.jpg 768w, https:\/\/richmond.quebec\/wp-content\/uploads\/2024\/06\/100_0045-1536x864.jpg 1536w, https:\/\/richmond.quebec\/wp-content\/uploads\/2024\/06\/100_0045-2048x1152.jpg 2048w\" sizes=\"(max-width: 300px) 100vw, 300px\" \/><\/a><\/p>\n<ul>\n<li>Circuit pour interm\u00e9diaires et avanc\u00e9s<\/li>\n<li>Eau vive et rapides de classe R1 et R2, selon le niveau de la rivi\u00e8re<\/li>\n<li>Descente guid\u00e9e seulement, formule autonome non-disponible<\/li>\n<li>Service de navette inclus<\/li>\n<\/ul>\n<p>D\u00e9part \u00e0 9 h - <span style=\"text-decoration: underline;\"><strong>r\u00e9servation obligatoire<\/strong><\/span><\/p>\n<p><span style=\"text-decoration: underline;\"><strong>CO\u00dbT<\/strong><\/span><\/p>\n<ul>\n<li>Adulte:\u00a0 65 $<\/li>\n<li>17 ans et moins:\u00a0 35 $<\/li>\n<\/ul>\n\t\t\t<\/div>\n\n\t\t<\/div>\n\n\t\t\n\t\n\t\t<div class=\"iw-so-acc-item\"  id=\"toggle-1-12\">\n\n\t\t\t<a href=\"#\" class=\"iw-so-acc-title iw-text-left\">\n\t\t\t\tRabais disponibles\t\t\t\t<span class=\"iw-so-tgl-open\"><span class=\"sow-icon-ionicons\" data-sow-icon=\"&#xf2c7;\"\n\t\tstyle=\"font-size: 2em; color: left\" \n\t\taria-hidden=\"true\"><\/span><\/span>\n\t\t\t\t<span class=\"iw-so-tgl-close\"><span class=\"sow-icon-ionicons\" data-sow-icon=\"&#xf2f4;\"\n\t\tstyle=\"font-size: 2em; color: left\" \n\t\taria-hidden=\"true\"><\/span><\/span>\n\t\t\t<\/a>\n\n\t\t\t<div class=\"iw-so-acc-content\">\n\t\t\t\t<p>Des rabais sont disponibles si vous \u00eates clients de :<\/p>\n<p>20% de rabais:<\/p>\n<ul>\n<li><a href=\"https:\/\/www.fermepegasus.com\/\" target=\"_blank\" rel=\"noopener\">Camping Ferme Pegasus<\/a><\/li>\n<li><a href=\"https:\/\/campingmelbourne.com\/\" target=\"_blank\" rel=\"noopener\">Camping Melbourne Estrie<\/a><\/li>\n<li><a href=\"https:\/\/www.campinglacauxbouleaux.ca\/\" target=\"_blank\" rel=\"noopener\">Camping Lac aux bouleaux<\/a><\/li>\n<li><a href=\"https:\/\/laocabines.ca\/\" target=\"_blank\" rel=\"noopener\">La\u00f6 Cabines<\/a><\/li>\n<li><a href=\"https:\/\/www.maisonsetchaletsalouer.com\/\" target=\"_blank\" rel=\"noopener\">Maisons et chalets \u00e0 louer.com<\/a><\/li>\n<li><a href=\"https:\/\/hotellefloral.com\/\" target=\"_blank\" rel=\"noopener\">H\u00f4tel Le Floral - Sherbrooke<\/a><\/li>\n<\/ul>\n<p>20 % de rabais pour les r\u00e9sidents de Richmond avec preuve de r\u00e9sidence<\/p>\n<p>10% aux groupes de 10 personnes et plus<\/p>\n<p>5 $ de rabais aux membres de la F\u00e9d\u00e9ration Qu\u00e9b\u00e9coise de Camping et Caravaning<\/p>\n\t\t\t<\/div>\n\n\t\t<\/div>\n\n\t\t\n\t\n<\/div>\n<\/div><\/div><\/div><div id=\"pgc-1857-1-1\"  class=\"panel-grid-cell\" ><div id=\"panel-1857-1-1-0\" class=\"so-panel widget widget_sow-image panel-first-child panel-last-child\" data-index=\"5\" ><div class=\"iw-large panel-widget-style panel-widget-style-for-1857-1-1-0\" ><div\n\t\t\t\n\t\t\tclass=\"so-widget-sow-image so-widget-sow-image-default-c67d20f9f743-1857\"\n\t\t\t\n\t\t>\n<div class=\"sow-image-container\">\n\t\t<img \n\tsrc=\"https:\/\/richmond.quebec\/wp-content\/uploads\/2018\/03\/blue-icon.svg\" alt=\"\" \t\tclass=\"so-widget-image\"\/>\n\t<\/div>\n\n<\/div><\/div><\/div><\/div><\/div><\/div><div id=\"pg-1857-2\"  class=\"panel-grid panel-no-style\" ><div id=\"pgc-1857-2-0\"  class=\"panel-grid-cell\" ><div id=\"panel-1857-2-0-0\" class=\"so-panel widget widget_ocean_video widget-oceanwp-video video-widget panel-first-child\" data-index=\"6\" ><h3 class=\"widget-title\">Canot-kayak Richmond<\/h3><p class=\"responsive-video-wrap clr\"><iframe loading=\"lazy\" title=\"Canot-Kayak Richmond - rivi\u00e8re St-Fran\u00e7ois\" width=\"270\" height=\"152\" src=\"https:\/\/www.youtube.com\/embed\/FMBIE2wKT4s?feature=oembed\" frameborder=\"0\" allow=\"accelerometer; autoplay; clipboard-write; encrypted-media; gyroscope; picture-in-picture; web-share\" referrerpolicy=\"strict-origin-when-cross-origin\" allowfullscreen><\/iframe><\/p><\/div><div id=\"panel-1857-2-0-1\" class=\"so-panel widget widget_sow-editor panel-last-child\" data-index=\"7\" ><div class=\"panel-widget-style panel-widget-style-for-1857-2-0-1\" ><div\n\t\t\t\n\t\t\tclass=\"so-widget-sow-editor so-widget-sow-editor-base\"\n\t\t\t\n\t\t>\n<div class=\"siteorigin-widget-tinymce textwidget\">\n\t<\/p>\n<\/div>\n<\/div><\/div><\/div><\/div><\/div><\/div>","protected":false},"excerpt":{"rendered":"<p>\u00a0 Ouverture du 16 juin \u00e0 la f\u00eate du Travail Sur r\u00e9servation seulement Seul centre\u00a0de descentes de rivi\u00e8re guid\u00e9es sur la Saint-Fran\u00e7ois entre Sherbrooke et Drummondville, nous sommes en op\u00e9ration depuis 2005!! Si vous n\u2019avez pas encore eu l\u2019occasion de d\u00e9couvrir les magnifiques paysages de la rivi\u00e8re St-Fran\u00e7ois, vous serez charm\u00e9s par la v\u00e9g\u00e9tation de [&hellip;]<\/p>\n","protected":false},"author":1,"featured_media":0,"parent":0,"menu_order":0,"comment_status":"closed","ping_status":"closed","template":"","meta":{"_monsterinsights_skip_tracking":false,"_monsterinsights_sitenote_active":false,"_monsterinsights_sitenote_note":"","_monsterinsights_sitenote_category":0,"ocean_post_layout":"","ocean_both_sidebars_style":"","ocean_both_sidebars_content_width":0,"ocean_both_sidebars_sidebars_width":0,"ocean_sidebar":"0","ocean_second_sidebar":"0","ocean_disable_margins":"enable","ocean_add_body_class":"","ocean_shortcode_before_top_bar":"","ocean_shortcode_after_top_bar":"","ocean_shortcode_before_header":"","ocean_shortcode_after_header":"","ocean_has_shortcode":"","ocean_shortcode_after_title":"","ocean_shortcode_before_footer_widgets":"","ocean_shortcode_after_footer_widgets":"","ocean_shortcode_before_footer_bottom":"","ocean_shortcode_after_footer_bottom":"","ocean_display_top_bar":"default","ocean_display_header":"default","ocean_header_style":"","ocean_center_header_left_menu":"0","ocean_custom_header_template":"0","ocean_custom_logo":0,"ocean_custom_retina_logo":0,"ocean_custom_logo_max_width":0,"ocean_custom_logo_tablet_max_width":0,"ocean_custom_logo_mobile_max_width":0,"ocean_custom_logo_max_height":0,"ocean_custom_logo_tablet_max_height":0,"ocean_custom_logo_mobile_max_height":0,"ocean_header_custom_menu":"0","ocean_menu_typo_font_family":"0","ocean_menu_typo_font_subset":"","ocean_menu_typo_font_size":0,"ocean_menu_typo_font_size_tablet":0,"ocean_menu_typo_font_size_mobile":0,"ocean_menu_typo_font_size_unit":"px","ocean_menu_typo_font_weight":"","ocean_menu_typo_font_weight_tablet":"","ocean_menu_typo_font_weight_mobile":"","ocean_menu_typo_transform":"","ocean_menu_typo_transform_tablet":"","ocean_menu_typo_transform_mobile":"","ocean_menu_typo_line_height":0,"ocean_menu_typo_line_height_tablet":0,"ocean_menu_typo_line_height_mobile":0,"ocean_menu_typo_line_height_unit":"","ocean_menu_typo_spacing":0,"ocean_menu_typo_spacing_tablet":0,"ocean_menu_typo_spacing_mobile":0,"ocean_menu_typo_spacing_unit":"","ocean_menu_link_color":"","ocean_menu_link_color_hover":"","ocean_menu_link_color_active":"","ocean_menu_link_background":"","ocean_menu_link_hover_background":"","ocean_menu_link_active_background":"","ocean_menu_social_links_bg":"","ocean_menu_social_hover_links_bg":"","ocean_menu_social_links_color":"","ocean_menu_social_hover_links_color":"","ocean_disable_title":"default","ocean_disable_heading":"default","ocean_post_title":"","ocean_post_subheading":"","ocean_post_title_style":"","ocean_post_title_background_color":"","ocean_post_title_background":0,"ocean_post_title_bg_image_position":"","ocean_post_title_bg_image_attachment":"","ocean_post_title_bg_image_repeat":"","ocean_post_title_bg_image_size":"","ocean_post_title_height":0,"ocean_post_title_bg_overlay":0.5,"ocean_post_title_bg_overlay_color":"","ocean_disable_breadcrumbs":"default","ocean_breadcrumbs_color":"","ocean_breadcrumbs_separator_color":"","ocean_breadcrumbs_links_color":"","ocean_breadcrumbs_links_hover_color":"","ocean_display_footer_widgets":"default","ocean_display_footer_bottom":"default","ocean_custom_footer_template":"0","footnotes":""},"class_list":["post-1857","page","type-page","status-publish","hentry","entry"],"aioseo_notices":[],"publishpress_future_action":{"enabled":false,"date":"2026-05-08 02:26:57","action":"change-status","newStatus":"draft","terms":[],"taxonomy":"","extraData":[]},"publishpress_future_workflow_manual_trigger":{"enabledWorkflows":[]},"_links":{"self":[{"href":"https:\/\/richmond.quebec\/en\/wp-json\/wp\/v2\/pages\/1857","targetHints":{"allow":["GET"]}}],"collection":[{"href":"https:\/\/richmond.quebec\/en\/wp-json\/wp\/v2\/pages"}],"about":[{"href":"https:\/\/richmond.quebec\/en\/wp-json\/wp\/v2\/types\/page"}],"author":[{"embeddable":true,"href":"https:\/\/richmond.quebec\/en\/wp-json\/wp\/v2\/users\/1"}],"replies":[{"embeddable":true,"href":"https:\/\/richmond.quebec\/en\/wp-json\/wp\/v2\/comments?post=1857"}],"version-history":[{"count":40,"href":"https:\/\/richmond.quebec\/en\/wp-json\/wp\/v2\/pages\/1857\/revisions"}],"predecessor-version":[{"id":6005,"href":"https:\/\/richmond.quebec\/en\/wp-json\/wp\/v2\/pages\/1857\/revisions\/6005"}],"wp:attachment":[{"href":"https:\/\/richmond.quebec\/en\/wp-json\/wp\/v2\/media?parent=1857"}],"curies":[{"name":"wp","href":"https:\/\/api.w.org\/{rel}","templated":true}]}}